{"id":23059,"date":"2021-10-27T11:08:01","date_gmt":"2021-10-27T09:08:01","guid":{"rendered":"https:\/\/ibernex.es\/politica-de-privacitat\/"},"modified":"2025-02-24T09:22:51","modified_gmt":"2025-02-24T08:22:51","slug":"politica-de-privacitat","status":"publish","type":"page","link":"https:\/\/ibernex.es\/ca\/politica-de-privacitat\/","title":{"rendered":"Pol\u00edtica de privacitat"},"content":{"rendered":"\t\t<div data-elementor-type=\"wp-page\" data-elementor-id=\"23059\" class=\"elementor elementor-23059 elementor-1468\" data-elementor-post-type=\"page\">\n\t\t\t\t\t\t<section class=\"elementor-section elementor-top-section elementor-element elementor-element-12e848d elementor-section-boxed elementor-section-height-default elementor-section-height-default\" data-id=\"12e848d\" data-element_type=\"section\" data-e-type=\"section\">\n\t\t\t\t\t\t<div class=\"elementor-container elementor-column-gap-default\">\n\t\t\t\t\t<div class=\"elementor-column elementor-col-100 elementor-top-column elementor-element elementor-element-6b8c662d\" data-id=\"6b8c662d\" data-element_type=\"column\" data-e-type=\"column\">\n\t\t\t<div class=\"elementor-widget-wrap elementor-element-populated\">\n\t\t\t\t\t\t<div class=\"elementor-element elementor-element-7ef86d4 elementor-widget elementor-widget-heading\" data-id=\"7ef86d4\" data-element_type=\"widget\" data-e-type=\"widget\" data-widget_type=\"heading.default\">\n\t\t\t\t<div class=\"elementor-widget-container\">\n\t\t\t\t\t<h2 class=\"elementor-heading-title elementor-size-default\">Pol\u00edtica de privacitat<\/h2>\t\t\t\t<\/div>\n\t\t\t\t<\/div>\n\t\t\t\t<div class=\"elementor-element elementor-element-4dbdbaa1 elementor-widget elementor-widget-text-editor\" data-id=\"4dbdbaa1\" data-element_type=\"widget\" data-e-type=\"widget\" data-widget_type=\"text-editor.default\">\n\t\t\t\t<div class=\"elementor-widget-container\">\n\t\t\t\t\t\t\t\t\t<p>Les dades personals recollides a la nostra p\u00e0gina web s\u00f3n tractades complint amb les exig\u00e8ncies del Reglament (UE) 2016\/679 del Parlament Europeu i del Consell, de 27 d\u2019abril de 2016, relatiu a la protecci\u00f3 de les persones f\u00edsiques pel que fa al tractament de dades personals ia la lliure circulaci\u00f3 daquestes dades, aix\u00ed com amb la Llei Org\u00e0nica 3\/2018, de 5 de desembre, de Protecci\u00f3 de Dades Personals i garantia dels drets digitals.<\/p><p>Aix\u00ed mateix, garantim que les dades personals s\u00f3n tractades de manera l\u00edcita, lleial i transparent, i s\u00f3n recollides amb fins determinats, expl\u00edcits i leg\u00edtims, mantenint-se limitats a aquests fins i actualitzats si fos necessari. No es permetr\u00e0 la identificaci\u00f3 dels interessats durant m\u00e9s temps del necessari i se\u2019n garantir\u00e0 la seguretat mitjan\u00e7ant les mesures t\u00e8cniques i organitzatives adequades. <\/p><p> <\/p><p><strong>Qui \u00e9s responsable de les vostres dades personals?<\/strong><\/p><p>Ra\u00f3 Social: IBERNEX INGENIERIA, S.L.<br>Adre\u00e7a: Carretera de Cogullada 11, Zaragoza.<br>C.I.F.: B99238602<br>Tel\u00e8fon: +34 976 794 226<br>E-mail: <a href=\"mailto:%20comercial@ibernex.es\">comercial@ibernex.es<\/a><\/p><p> <\/p><p><strong>Per qu\u00e8 tractem les vostres dades i qu\u00e8 ens permet fer-ho? Per qu\u00e8 podem tractar les vostres dades? <\/strong><\/p><p>Les dades personals seran tractades per l\u2019entitat responsable quan les proporcioneu completant els formularis de registre o de contacte, enviant correus electr\u00f2nics o trucant per tel\u00e8fon.<\/p><p>Les dades seran tractades amb la finalitat de comunicar-nos amb els interessats per qualsevol mitj\u00e0 i respondre a consultes i sol\u00b7licituds dinformaci\u00f3.<\/p><ul><li>Respondre consultes i sol\u00b7licituds d\u2019informaci\u00f3. Quan l\u2019interessat ens fa arribar una consulta o sol\u00b7licitud d\u2019informaci\u00f3 tractem les vostres dades amb el vostre consentiment per donar-vos resposta sobre la consulta o sol\u00b7licitud. <\/li><li>Comunicar-nos comercialment amb els interessats per qualsevol mitj\u00e0:<ul><li>Quan l\u2019usuari ens ho autoritza al formulari de contacte, podem comunicar-nos-hi comercialment per mitjans electr\u00f2nics sobre els nostres serveis i activitats, tractant les seves dades amb el seu consentiment.<\/li><li>Quan l\u2019interessat registra el seu correu electr\u00f2nic al nostre formulari, tractem les seves dades amb el seu consentiment per mantenir-lo informat mitjan\u00e7ant comunicacions peri\u00f2diques per mitjans electr\u00f2nics sobre els nostres serveis i activitats.<\/li><\/ul><\/li><li>Els interessats poden oposar-se a cadascuna de les comunicacions enviades i addicionalment mitjan\u00e7ant el mecanisme previst a l\u2019apartat \u201cQuins s\u00f3n els seus drets?\u201d.<\/li><li>Considerar els candidats per als nostres processos selectius. Si l\u2019interessat ens proporciona un curr\u00edculum les seves dades s\u2019utilitzaran per incorporar-lo a presents i futurs processos de selecci\u00f3 a la nostra entitat i per comunicar-nos-hi fins i tot per mitjans electr\u00f2nics en relaci\u00f3 amb la seva candidatura. <\/li><li>Utilitzar dispositius demmagatzematge i recuperaci\u00f3 de dades. Quan l\u2019interessat visita la nostra p\u00e0gina, utilitzarem amb el seu consentiment cookies i altres eines amb les finalitats previstes a la nostra Pol\u00edtica de Cookies on pot accedir a m\u00e9s informaci\u00f3. <\/li><\/ul><p> <\/p><p><strong>A qui proporcionem les vostres dades?<\/strong><\/p><p>Podem comunicar les dades personals a tercers prove\u00efdors encarregats del tractament, amb l\u2019\u00fanica finalitat que ens prestin determinats serveis seguint les nostres instruccions sense utilitzar les dades per a les seves pr\u00f2pies finalitats i per dur a terme les activitats que ens s\u00f3n pr\u00f2pies, oa les administracions p\u00fabliques competents en compliment de les obligacions legals.<\/p><p>Quan vost\u00e8 manifesti el seu inter\u00e8s a rebre m\u00e9s informaci\u00f3 o contractar els nostres productes i serveis, proporcionarem amb el seu consentiment les dades de contacte professionals als nostres distribu\u00efdors perqu\u00e8 aquests es posin en contacte amb vost\u00e8.<\/p><p>Per realitzar tasques d\u2019email m\u00e0rqueting utilitzem els serveis de <a href=\"https:\/\/mailchimp.com\/legal\/privacy\/\" target=\"_blank\" rel=\"noopener\">MailChimp<\/a> (The Rocket Science Group LLC) empresa dels Estats Units <a href=\"https:\/\/www.privacyshield.gov\/participant?id=a2zt0000000TO6hAAG&amp;status=Active\" target=\"_blank\" rel=\"noopener\">certificada al programa Privacy Shield<\/a> de la Comissi\u00f3 Europea i amb la qual tenim subscrit un acord per al tractament de dades personals.<\/p><p> <\/p><p><strong>Quant de temps conservem les vostres dades?<\/strong><\/p><p>Per regla general les dades seran conservades mentre siguin compatibles amb la finalitat amb qu\u00e8 van ser recollides, en compliment d\u2019obligacions legals de conservaci\u00f3 i per fer front a les responsabilitats que poguessin derivar-se del tractament, per despr\u00e9s ser suprimides.<\/p><p>Les dades recollides amb la finalitat de comunicar-nos comercialment seran conservades mentre perduri aquesta finalitat o l\u2019usuari s\u2019oposi al tractament.<\/p><p> <\/p><p><strong>Quins s\u00f3n els vostres drets?<\/strong><\/p><p>Vost\u00e8 podr\u00e0:<br>1. Obtenir m\u00e9s informaci\u00f3<br>2. Retireu-ne el consentiment quan l\u2019hagi prestat per a un tractament determinat<br>3. Deixar de rebre les nostres comunicacions de car\u00e0cter comercial, enviant \u201cVull deixar de rebre comunicacions comercials\u201d al correu electr\u00f2nic del responsable.<br>4. Exercir els seus drets de:<br><br><\/p><ul><li>Acc\u00e9s, o con\u00e8ixer quines dades personals tractem de vost\u00e8;<\/li><li>Rectificaci\u00f3, o corregir dades personals incorrectes o inexactes;<\/li><li>Supressi\u00f3, o eliminar les dades personals que tenim de vost\u00e8 que no estiguem obligades legalment a conservar;<\/li><li>Oposici\u00f3, o que deixem de tractar les dades personals amb una finalitat concreta;<\/li><li>Limitaci\u00f3, oa restringir el tractament que realitzem;<\/li><li>Portabilitat, o que proporcionem les dades personals que obren en el nostre poder;<\/li><\/ul><p>Per poder exercir qualsevol dels drets que us atorga la normativa de protecci\u00f3 de dades, podreu sol\u00b7licitar al responsable un formulari per a l\u2019exercici de drets o descarregar directament qualsevol dels formularis proposats per l\u2019Ag\u00e8ncia Espanyola de Protecci\u00f3 de Dades a trav\u00e9s d\u2019aquest <a href=\"https:\/\/www.aepd.es\/es\/derechos-y-deberes\/conoce-tus-derechos\" target=\"_blank\" rel=\"noopener\"> enlla\u00e7<\/a> i presentar-lo emplenat juntament amb una c\u00f2pia del DNI o qualsevol altre document identificatiu v\u00e0lid a l\u2019adre\u00e7a o correu electr\u00f2nic del responsable.<br>Ra\u00f3 Social: IBERNEX INGENIERIA, S.L.<br>Adre\u00e7a: Carretera de Cogullada 11, Zaragoza.<br>C.I.F.: B99238602<br>TTel\u00e8fon: +34 976 794 226<br>E-mail: <a href=\"mailto:%20comercial@ibernex.es\">comercial@ibernex.es<\/a><\/p><p>Podeu trobar m\u00e9s informaci\u00f3 sobre els vostres drets o presentar una reclamaci\u00f3 davant l\u2019autoritat de control competent a l\u2019Ag\u00e8ncia Espanyola de Protecci\u00f3 de Dades <a href=\"https:\/\/www.aepd.es\/es\" target=\"_blank\" rel=\"noopener\">http:\/\/www.agpd.es<\/a> \u2013 C\/ Jorge Juan, 6. 28001 \u2013 Madrid (901 100 099 \u2013 912 663 517). <\/p><p> <\/p><p><strong>Com garantim la seguretat de les vostres dades?<\/strong><br>Hem adoptat les mesures t\u00e8cniques i organitzatives apropiades per garantir un nivell de seguretat adequat que eviti la destrucci\u00f3, p\u00e8rdua o alteraci\u00f3 accidental o il\u00b7l\u00edcita de dades personals, o la comunicaci\u00f3 o acc\u00e9s no autoritzats a aquestes dades.<br>Tamb\u00e9 hem habilitat procediments per respondre en els terminis legals oportuns davant de qualsevol bretxa de seguretat que pogu\u00e9s produir-se sobre les teves dades personals.<br>En contractar prove\u00efdors, garantim que implanten les mesures de seguretat adequades per a la protecci\u00f3 de les dades personals.<br>Canvis a la Pol\u00edtica de Privadesa<br>Hem actualitzat aquesta Pol\u00edtica per adaptar-la als requisits i les obligacions del Reglament General de Protecci\u00f3 de Dades.<br>La darrera versi\u00f3 de la Pol\u00edtica \u00e9s de data: 20\/10\/2020<\/p>\t\t\t\t\t\t\t\t<\/div>\n\t\t\t\t<\/div>\n\t\t\t\t\t<\/div>\n\t\t<\/div>\n\t\t\t\t\t<\/div>\n\t\t<\/section>\n\t\t\t\t<\/div>\n\t\t","protected":false},"excerpt":{"rendered":"<p>Pol\u00edtica de privacitat Les dades personals recollides a la nostra p\u00e0gina web s\u00f3n tractades complint amb les exig\u00e8ncies del Reglament (UE) 2016\/679 del Parlament Europeu i del Consell, de 27 d\u2019abril de 2016, relatiu a la protecci\u00f3 de les persones f\u00edsiques pel que fa al tractament de dades personals ia la lliure circulaci\u00f3 daquestes dades, &#8230; <a title=\"Pol\u00edtica de privacitat\" class=\"read-more\" href=\"https:\/\/ibernex.es\/ca\/politica-de-privacitat\/\" aria-label=\"M\u00e9s informaci\u00f3 sobre Pol\u00edtica de privacitat\">Read more<\/a><\/p>\n","protected":false},"author":4,"featured_media":0,"parent":0,"menu_order":0,"comment_status":"closed","ping_status":"closed","template":"","meta":{"footnotes":""},"class_list":["post-23059","page","type-page","status-publish"],"_links":{"self":[{"href":"https:\/\/ibernex.es\/ca\/wp-json\/wp\/v2\/pages\/23059","targetHints":{"allow":["GET"]}}],"collection":[{"href":"https:\/\/ibernex.es\/ca\/wp-json\/wp\/v2\/pages"}],"about":[{"href":"https:\/\/ibernex.es\/ca\/wp-json\/wp\/v2\/types\/page"}],"author":[{"embeddable":true,"href":"https:\/\/ibernex.es\/ca\/wp-json\/wp\/v2\/users\/4"}],"replies":[{"embeddable":true,"href":"https:\/\/ibernex.es\/ca\/wp-json\/wp\/v2\/comments?post=23059"}],"version-history":[{"count":1,"href":"https:\/\/ibernex.es\/ca\/wp-json\/wp\/v2\/pages\/23059\/revisions"}],"predecessor-version":[{"id":23060,"href":"https:\/\/ibernex.es\/ca\/wp-json\/wp\/v2\/pages\/23059\/revisions\/23060"}],"wp:attachment":[{"href":"https:\/\/ibernex.es\/ca\/wp-json\/wp\/v2\/media?parent=23059"}],"curies":[{"name":"wp","href":"https:\/\/api.w.org\/{rel}","templated":true}]}}